{"id":119211,"date":"2023-02-20T17:55:10","date_gmt":"2023-02-20T17:55:10","guid":{"rendered":"https:\/\/www.purplepeppercatering.com\/weddings\/"},"modified":"2024-05-28T08:03:53","modified_gmt":"2024-05-28T07:03:53","slug":"catering-bodas-marbella","status":"publish","type":"page","link":"https:\/\/www.purplepeppercatering.com\/es\/catering-bodas-marbella\/","title":{"rendered":"Catering para Bodas en Marbella"},"content":{"rendered":"<div class=\"wpb-content-wrapper\"><p>[vc_row row_height_percent=\u00bb100&#8243; override_padding=\u00bbyes\u00bb h_padding=\u00bb2&#8243; top_padding=\u00bb5&#8243; bottom_padding=\u00bb5&#8243; back_color=\u00bbcolor-nhtu\u00bb back_image=\u00bb119043&#8243; kburns=\u00bbyes\u00bb overlay_color=\u00bbcolor-nhtu\u00bb overlay_alpha=\u00bb36&#8243; gutter_size=\u00bb3&#8243; column_width_percent=\u00bb100&#8243; shift_y=\u00bb0&#8243; z_index=\u00bb0&#8243; uncode_shortcode_id=\u00bb138271&#8243; back_color_type=\u00bbuncode-palette\u00bb overlay_color_type=\u00bbuncode-palette\u00bb][vc_column column_width_use_pixel=\u00bbyes\u00bb position_vertical=\u00bbmiddle\u00bb align_horizontal=\u00bbalign_center\u00bb gutter_size=\u00bb3&#8243; style=\u00bbdark\u00bb overlay_alpha=\u00bb50&#8243; shift_x=\u00bb0&#8243; shift_y=\u00bb0&#8243; shift_y_down=\u00bb0&#8243; z_index=\u00bb0&#8243; medium_width=\u00bb0&#8243; mobile_width=\u00bb0&#8243; width=\u00bb1\/1&#8243; column_width_pixel=\u00bb800&#8243; uncode_shortcode_id=\u00bb176934&#8243;][vc_custom_heading text_font=\u00bbfont-339240&#8243; text_size=\u00bbfontsize-338686&#8243; text_weight=\u00bb400&#8243; text_space=\u00bbfontspace-781688&#8243; sub_lead=\u00bbyes\u00bb sub_reduced=\u00bbyes\u00bb css_animation=\u00bbalpha-anim\u00bb animation_speed=\u00bb1000&#8243; animation_delay=\u00bb400&#8243; uncode_shortcode_id=\u00bb755553&#8243;]Catering para el d\u00eda m\u00e1s especial de tu vida[\/vc_custom_heading][vc_custom_heading heading_semantic=\u00bbh1&#8243; text_font=\u00bbfont-339240&#8243; text_size=\u00bbh6&#8243; text_weight=\u00bb300&#8243; text_transform=\u00bbuppercase\u00bb text_space=\u00bbfontspace-210350&#8243; sub_lead=\u00bbyes\u00bb sub_reduced=\u00bbyes\u00bb css_animation=\u00bbalpha-anim\u00bb animation_speed=\u00bb1000&#8243; animation_delay=\u00bb400&#8243; uncode_shortcode_id=\u00bb436563&#8243;]Tu Catering de Bodas en Marbella[\/vc_custom_heading][\/vc_column][\/vc_row][vc_row row_height_percent=\u00bb0&#8243; override_padding=\u00bbyes\u00bb h_padding=\u00bb2&#8243; top_padding=\u00bb5&#8243; bottom_padding=\u00bb5&#8243; back_color=\u00bbcolor-xsdn\u00bb overlay_alpha=\u00bb50&#8243; gutter_size=\u00bb3&#8243; column_width_percent=\u00bb100&#8243; shift_y=\u00bb0&#8243; z_index=\u00bb0&#8243; uncode_shortcode_id=\u00bb239680&#8243; back_color_type=\u00bbuncode-palette\u00bb][vc_column column_width_use_pixel=\u00bbyes\u00bb align_horizontal=\u00bbalign_center\u00bb gutter_size=\u00bb3&#8243; font_family=\u00bbfont-165032&#8243; overlay_alpha=\u00bb50&#8243; shift_x=\u00bb0&#8243; shift_y=\u00bb0&#8243; shift_y_down=\u00bb0&#8243; z_index=\u00bb0&#8243; medium_width=\u00bb0&#8243; mobile_width=\u00bb0&#8243; width=\u00bb1\/1&#8243; column_width_pixel=\u00bb760&#8243; uncode_shortcode_id=\u00bb181581&#8243;][vc_custom_heading heading_semantic=\u00bbh3&#8243; text_font=\u00bbfont-165032&#8243; text_size=\u00bbh1&#8243; text_weight=\u00bb400&#8243; text_height=\u00bbfontheight-357766&#8243; text_space=\u00bbfontspace-781688&#8243; uncode_shortcode_id=\u00bb154897&#8243;]La comida es siempre un aspecto cr\u00edtico de cualquier evento, pero se vuelve a\u00fan m\u00e1s significativo en un d\u00eda especial como este.<\/p>\n<p>[\/vc_custom_heading][vc_column_text text_lead=\u00bbyes\u00bb uncode_shortcode_id=\u00bb151020&#8243;]Purple Pepper Catering tiene una larga historia de ayudar a parejas a celebrar sus bodas.<\/p>\n<p>&nbsp;<\/p>\n<p>[\/vc_column_text][\/vc_column][\/vc_row][vc_row unlock_row_content=\u00bbyes\u00bb row_height_percent=\u00bb75&#8243; override_padding=\u00bbyes\u00bb h_padding=\u00bb0&#8243; top_padding=\u00bb0&#8243; bottom_padding=\u00bb0&#8243; back_color=\u00bbcolor-lxmt\u00bb overlay_alpha=\u00bb50&#8243; equal_height=\u00bbyes\u00bb gutter_size=\u00bb0&#8243; column_width_percent=\u00bb100&#8243; shift_y=\u00bb0&#8243; z_index=\u00bb0&#8243; el_class=\u00bboverflow-hidden\u00bb uncode_shortcode_id=\u00bb750785&#8243; back_color_type=\u00bbuncode-palette\u00bb][vc_column column_width_percent=\u00bb100&#8243; position_vertical=\u00bbmiddle\u00bb gutter_size=\u00bb0&#8243; override_padding=\u00bbyes\u00bb column_padding=\u00bb0&#8243; overlay_alpha=\u00bb50&#8243; shift_x=\u00bb0&#8243; shift_y=\u00bb0&#8243; shift_y_down=\u00bb0&#8243; z_index=\u00bb0&#8243; medium_width=\u00bb0&#8243; mobile_width=\u00bb0&#8243; css_animation=\u00bbbottom-t-top\u00bb animation_speed=\u00bb800&#8243; width=\u00bb1\/2&#8243; uncode_shortcode_id=\u00bb161688&#8243;][vc_row_inner row_inner_height_percent=\u00bb60&#8243; back_color=\u00bbcolor-210407&#8243; overlay_alpha=\u00bb50&#8243; equal_height=\u00bbyes\u00bb gutter_size=\u00bb0&#8243; shift_y=\u00bb0&#8243; z_index=\u00bb0&#8243; limit_content=\u00bb\u00bb uncode_shortcode_id=\u00bb212066&#8243; back_color_type=\u00bbuncode-palette\u00bb][vc_column_inner column_width_percent=\u00bb100&#8243; gutter_size=\u00bb3&#8243; back_image=\u00bb119819&#8243; back_position=\u00bbcenter center\u00bb overlay_alpha=\u00bb50&#8243; shift_x=\u00bb0&#8243; shift_y=\u00bb0&#8243; shift_y_down=\u00bb0&#8243; z_index=\u00bb0&#8243; medium_width=\u00bb4&#8243; mobile_width=\u00bb0&#8243; width=\u00bb1\/2&#8243; mobile_height=\u00bb280&#8243; uncode_shortcode_id=\u00bb248938&#8243;][\/vc_column_inner][vc_column_inner column_width_percent=\u00bb100&#8243; position_vertical=\u00bbmiddle\u00bb gutter_size=\u00bb2&#8243; override_padding=\u00bbyes\u00bb column_padding=\u00bb3&#8243; style=\u00bbdark\u00bb font_family=\u00bbfont-165032&#8243; overlay_alpha=\u00bb50&#8243; shift_x=\u00bb0&#8243; shift_y=\u00bb0&#8243; shift_y_down=\u00bb0&#8243; z_index=\u00bb0&#8243; medium_width=\u00bb4&#8243; align_mobile=\u00bbalign_center_mobile\u00bb mobile_width=\u00bb0&#8243; width=\u00bb1\/2&#8243; uncode_shortcode_id=\u00bb367536&#8243;][vc_custom_heading text_font=\u00bbfont-339240&#8243; text_weight=\u00bb400&#8243; text_height=\u00bbfontheight-357766&#8243; text_space=\u00bbfontspace-781688&#8243; uncode_shortcode_id=\u00bb787795&#8243;]C\u00f3mo lo hacemos[\/vc_custom_heading][vc_column_text text_lead=\u00bbyes\u00bb uncode_shortcode_id=\u00bb124555&#8243;]En Purple Pepper, trabajamos en estrecha colaboraci\u00f3n con usted en cada paso del camino para dar vida a su visi\u00f3n deseada. Brindamos un apoyo constante durante la planificaci\u00f3n, la toma de decisiones y la ejecuci\u00f3n de su boda ideal. Nuestro equipo experto colabora con usted para comprender su visi\u00f3n y garantiza que cada elemento, desde el men\u00fa hasta la decoraci\u00f3n, se alinee perfectamente con su visi\u00f3n.[\/vc_column_text][\/vc_column_inner][\/vc_row_inner][vc_row_inner row_inner_height_percent=\u00bb60&#8243; back_image=\u00bb119835&#8243; overlay_alpha=\u00bb50&#8243; gutter_size=\u00bb3&#8243; shift_y=\u00bb0&#8243; z_index=\u00bb0&#8243; medium_visibility=\u00bbyes\u00bb mobile_visibility=\u00bbyes\u00bb limit_content=\u00bb\u00bb uncode_shortcode_id=\u00bb210400&#8243; back_size=\u00bbcover\u00bb][vc_column_inner column_width_percent=\u00bb100&#8243; gutter_size=\u00bb3&#8243; overlay_alpha=\u00bb50&#8243; shift_x=\u00bb0&#8243; shift_y=\u00bb0&#8243; z_index=\u00bb0&#8243; medium_width=\u00bb0&#8243; width=\u00bb1\/1&#8243;][\/vc_column_inner][\/vc_row_inner][\/vc_column][vc_column column_width_percent=\u00bb100&#8243; position_vertical=\u00bbmiddle\u00bb gutter_size=\u00bb0&#8243; overlay_alpha=\u00bb50&#8243; shift_x=\u00bb0&#8243; shift_y=\u00bb0&#8243; shift_y_down=\u00bb0&#8243; z_index=\u00bb0&#8243; medium_width=\u00bb0&#8243; mobile_width=\u00bb0&#8243; css_animation=\u00bbbottom-t-top\u00bb animation_speed=\u00bb800&#8243; animation_delay=\u00bb200&#8243; width=\u00bb1\/2&#8243; uncode_shortcode_id=\u00bb102997&#8243;][vc_row_inner row_inner_height_percent=\u00bb40&#8243; back_image=\u00bb119839&#8243; overlay_alpha=\u00bb50&#8243; gutter_size=\u00bb3&#8243; shift_y=\u00bb0&#8243; z_index=\u00bb0&#8243; limit_content=\u00bb\u00bb uncode_shortcode_id=\u00bb123797&#8243;][vc_column_inner column_width_percent=\u00bb100&#8243; gutter_size=\u00bb3&#8243; overlay_alpha=\u00bb50&#8243; shift_x=\u00bb0&#8243; shift_y=\u00bb0&#8243; z_index=\u00bb0&#8243; medium_width=\u00bb0&#8243; mobile_width=\u00bb0&#8243; width=\u00bb1\/1&#8243; mobile_height=\u00bb280&#8243;][\/vc_column_inner][\/vc_row_inner][vc_row_inner row_inner_height_percent=\u00bb60&#8243; back_color=\u00bbcolor-210407&#8243; overlay_alpha=\u00bb50&#8243; equal_height=\u00bbyes\u00bb gutter_size=\u00bb0&#8243; shift_y=\u00bb0&#8243; z_index=\u00bb0&#8243; limit_content=\u00bb\u00bb uncode_shortcode_id=\u00bb145434&#8243; back_color_type=\u00bbuncode-palette\u00bb][vc_column_inner column_width_percent=\u00bb100&#8243; gutter_size=\u00bb3&#8243; back_image=\u00bb119831&#8243; back_position=\u00bbcenter center\u00bb overlay_alpha=\u00bb50&#8243; shift_x=\u00bb0&#8243; shift_y=\u00bb0&#8243; shift_y_down=\u00bb0&#8243; z_index=\u00bb0&#8243; medium_width=\u00bb4&#8243; mobile_width=\u00bb0&#8243; width=\u00bb1\/2&#8243; mobile_height=\u00bb280&#8243; uncode_shortcode_id=\u00bb328030&#8243;][\/vc_column_inner][vc_column_inner column_width_percent=\u00bb100&#8243; position_vertical=\u00bbmiddle\u00bb gutter_size=\u00bb2&#8243; override_padding=\u00bbyes\u00bb column_padding=\u00bb3&#8243; style=\u00bbdark\u00bb font_family=\u00bbfont-165032&#8243; overlay_alpha=\u00bb50&#8243; shift_x=\u00bb0&#8243; shift_y=\u00bb0&#8243; shift_y_down=\u00bb0&#8243; z_index=\u00bb0&#8243; medium_width=\u00bb4&#8243; align_mobile=\u00bbalign_center_mobile\u00bb mobile_width=\u00bb0&#8243; width=\u00bb1\/2&#8243; uncode_shortcode_id=\u00bb168350&#8243;][vc_custom_heading text_font=\u00bbfont-339240&#8243; text_weight=\u00bb400&#8243; text_height=\u00bbfontheight-357766&#8243; text_space=\u00bbfontspace-781688&#8243; uncode_shortcode_id=\u00bb136987&#8243;]Nuestro compromiso[\/vc_custom_heading][vc_column_text text_lead=\u00bbyes\u00bb uncode_shortcode_id=\u00bb102863&#8243;]Nuestro equipo ha brindado servicio de catering en cientos de bodas con \u00e9xito, recibiendo excelentes comentarios y otorg\u00e1ndonos un lugar en la lista de las mejores empresas de catering para bodas en Marbella. Nuestro enfoque meticuloso en la ejecuci\u00f3n y el catering para bodas garantiza que cada detalle est\u00e9 cuidado, d\u00e1ndole la libertad de relajarse y disfrutar su d\u00eda especial con sus seres queridos.[\/vc_column_text][\/vc_column_inner][\/vc_row_inner][\/vc_column][\/vc_row][vc_row row_height_percent=\u00bb0&#8243; override_padding=\u00bbyes\u00bb h_padding=\u00bb2&#8243; top_padding=\u00bb2&#8243; bottom_padding=\u00bb5&#8243; back_color=\u00bbcolor-xsdn\u00bb overlay_alpha=\u00bb50&#8243; gutter_size=\u00bb3&#8243; column_width_percent=\u00bb100&#8243; shift_y=\u00bb0&#8243; z_index=\u00bb0&#8243; uncode_shortcode_id=\u00bb188939&#8243; back_color_type=\u00bbuncode-palette\u00bb shape_dividers=\u00bb\u00bb][vc_column column_width_use_pixel=\u00bbyes\u00bb align_horizontal=\u00bbalign_center\u00bb gutter_size=\u00bb3&#8243; font_family=\u00bbfont-165032&#8243; overlay_alpha=\u00bb50&#8243; shift_x=\u00bb0&#8243; shift_y=\u00bb0&#8243; shift_y_down=\u00bb0&#8243; z_index=\u00bb0&#8243; medium_width=\u00bb0&#8243; mobile_width=\u00bb0&#8243; width=\u00bb1\/1&#8243; column_width_pixel=\u00bb760&#8243; uncode_shortcode_id=\u00bb181581&#8243;][vc_column_text uncode_shortcode_id=\u00bb580629&#8243;]Photos by Jose Manuel <a href=\"http:\/\/www.josemanusc.com\">www.josemanusc.com<\/a>[\/vc_column_text][\/vc_column][\/vc_row][vc_row row_height_percent=\u00bb0&#8243; override_padding=\u00bbyes\u00bb h_padding=\u00bb2&#8243; top_padding=\u00bb5&#8243; bottom_padding=\u00bb5&#8243; back_color=\u00bbcolor-xsdn\u00bb overlay_alpha=\u00bb50&#8243; gutter_size=\u00bb3&#8243; column_width_percent=\u00bb100&#8243; shift_y=\u00bb0&#8243; z_index=\u00bb0&#8243; uncode_shortcode_id=\u00bb239680&#8243; back_color_type=\u00bbuncode-palette\u00bb][vc_column column_width_use_pixel=\u00bbyes\u00bb align_horizontal=\u00bbalign_center\u00bb gutter_size=\u00bb3&#8243; font_family=\u00bbfont-165032&#8243; overlay_alpha=\u00bb50&#8243; shift_x=\u00bb0&#8243; shift_y=\u00bb0&#8243; shift_y_down=\u00bb0&#8243; z_index=\u00bb0&#8243; medium_width=\u00bb0&#8243; mobile_width=\u00bb0&#8243; width=\u00bb1\/1&#8243; column_width_pixel=\u00bb760&#8243; uncode_shortcode_id=\u00bb181581&#8243;][vc_custom_heading heading_semantic=\u00bbh3&#8243; text_font=\u00bbfont-165032&#8243; text_weight=\u00bb400&#8243; text_height=\u00bbfontheight-357766&#8243; text_space=\u00bbfontspace-781688&#8243; uncode_shortcode_id=\u00bb835760&#8243;]\u00bbDesde el momento en que t\u00fa y tu equipo llegaron a la villa, brindaron un servicio profesional impecable. Muchos invitados comentaron sobre la comida, el servicio de mesa y el personal del bar. \u00a1Todo estaba al m\u00e1s alto nivel! \u00a1No podemos agradecerte lo suficiente por todo lo que hiciste por nosotros en el d\u00eda!\u00bb[\/vc_custom_heading][vc_column_text text_lead=\u00bbyes\u00bb uncode_shortcode_id=\u00bb701915&#8243;]Lauren &amp; Nick[\/vc_column_text][\/vc_column][\/vc_row][vc_row row_height_percent=\u00bb0&#8243; override_padding=\u00bbyes\u00bb h_padding=\u00bb2&#8243; top_padding=\u00bb5&#8243; bottom_padding=\u00bb5&#8243; back_color=\u00bbcolor-210407&#8243; overlay_alpha=\u00bb50&#8243; gutter_size=\u00bb3&#8243; column_width_percent=\u00bb100&#8243; shift_y=\u00bb0&#8243; z_index=\u00bb0&#8243; uncode_shortcode_id=\u00bb200700&#8243; back_color_type=\u00bbuncode-palette\u00bb][vc_column column_width_use_pixel=\u00bbyes\u00bb align_horizontal=\u00bbalign_center\u00bb gutter_size=\u00bb3&#8243; font_family=\u00bbfont-165032&#8243; overlay_alpha=\u00bb50&#8243; shift_x=\u00bb0&#8243; shift_y=\u00bb0&#8243; shift_y_down=\u00bb0&#8243; z_index=\u00bb0&#8243; medium_width=\u00bb0&#8243; mobile_width=\u00bb0&#8243; width=\u00bb1\/1&#8243; column_width_pixel=\u00bb760&#8243; uncode_shortcode_id=\u00bb181581&#8243;][vc_custom_heading text_color=\u00bbcolor-xsdn\u00bb text_font=\u00bbfont-339240&#8243; text_size=\u00bbh1&#8243; text_weight=\u00bb400&#8243; text_height=\u00bbfontheight-357766&#8243; text_space=\u00bbfontspace-781688&#8243; uncode_shortcode_id=\u00bb922843&#8243; text_color_type=\u00bbuncode-palette\u00bb]Men\u00fa de Catering de Boda Pre-Dise\u00f1ado[\/vc_custom_heading][vc_column_text text_lead=\u00bbyes\u00bb text_color=\u00bbcolor-xsdn\u00bb uncode_shortcode_id=\u00bb108499&#8243; text_color_type=\u00bbuncode-palette\u00bb]Tambi\u00e9n ofrecemos una opci\u00f3n m\u00e1s sencilla y econ\u00f3mica para aquellos que lo requieran, que es nuestro men\u00fa de boda pre-dise\u00f1ado a un precio fijo. Por favor, vea a continuaci\u00f3n los detalles completos sobre lo que implica el men\u00fa de boda pre-planificado.[\/vc_column_text][\/vc_column][\/vc_row][vc_row row_height_percent=\u00bb0&#8243; override_padding=\u00bbyes\u00bb h_padding=\u00bb2&#8243; top_padding=\u00bb5&#8243; bottom_padding=\u00bb5&#8243; overlay_alpha=\u00bb50&#8243; equal_height=\u00bbyes\u00bb gutter_size=\u00bb0&#8243; column_width_percent=\u00bb100&#8243; shift_y=\u00bb0&#8243; z_index=\u00bb0&#8243; uncode_shortcode_id=\u00bb778593&#8243;][vc_column column_width_use_pixel=\u00bbyes\u00bb align_horizontal=\u00bbalign_center\u00bb gutter_size=\u00bb3&#8243; font_family=\u00bbfont-165032&#8243; overlay_alpha=\u00bb50&#8243; shift_x=\u00bb0&#8243; shift_y=\u00bb0&#8243; shift_y_down=\u00bb0&#8243; z_index=\u00bb0&#8243; medium_width=\u00bb0&#8243; mobile_width=\u00bb0&#8243; width=\u00bb1\/1&#8243; column_width_pixel=\u00bb760&#8243; uncode_shortcode_id=\u00bb916659&#8243;][vc_single_image media=\u00bb119055&#8243; media_width_percent=\u00bb100&#8243; uncode_shortcode_id=\u00bb112423&#8243;][vc_custom_heading text_font=\u00bbfont-339240&#8243; text_size=\u00bbh1&#8243; text_weight=\u00bb400&#8243; text_height=\u00bbfontheight-357766&#8243; text_space=\u00bbfontspace-781688&#8243; sub_lead=\u00bbyes\u00bb sub_reduced=\u00bbyes\u00bb uncode_shortcode_id=\u00bb136763&#8243;]Men\u00fa de Bodas Pre-Dise\u00f1ado[\/vc_custom_heading][vc_empty_space empty_h=\u00bb1&#8243;][vc_tabs typography=\u00bbyes\u00bb tab_scrolling=\u00bbyes\u00bb][vc_tab gutter_size=\u00bb1&#8243; column_padding=\u00bb2&#8243; title=\u00bbEntrantes\u00bb tab_id=\u00bb1678374354744-4-8&#8243;][vc_row_inner row_inner_height_percent=\u00bb0&#8243; overlay_alpha=\u00bb50&#8243; gutter_size=\u00bb0&#8243; shift_y=\u00bb0&#8243; limit_content=\u00bb\u00bb][vc_column_inner column_width_percent=\u00bb100&#8243; position_vertical=\u00bbmiddle\u00bb align_horizontal=\u00bbalign_center\u00bb gutter_size=\u00bb2&#8243; override_padding=\u00bbyes\u00bb column_padding=\u00bb2&#8243; font_family=\u00bbfont-165032&#8243; overlay_alpha=\u00bb50&#8243; shift_x=\u00bb0&#8243; shift_y=\u00bb0&#8243; shift_y_down=\u00bb0&#8243; z_index=\u00bb0&#8243; medium_width=\u00bb6&#8243; mobile_width=\u00bb0&#8243; css_animation=\u00bbbottom-t-top\u00bb animation_speed=\u00bb800&#8243; width=\u00bb1\/1&#8243; uncode_shortcode_id=\u00bb141956&#8243;][vc_custom_heading heading_semantic=\u00bbh3&#8243; text_font=\u00bbfont-165032&#8243; text_size=\u00bbh3&#8243; text_weight=\u00bb400&#8243; text_space=\u00bbfontspace-781688&#8243; sub_reduced=\u00bbyes\u00bb uncode_shortcode_id=\u00bb110323&#8243;]Parfait de pollo suave con mermelada fresca de grosella roja y jengibre servido con brioche tostado y una ensalada ligera de lim\u00f3n y lechuga[\/vc_custom_heading][\/vc_column_inner][\/vc_row_inner][vc_row_inner limit_content=\u00bb\u00bb][vc_column_inner column_width_percent=\u00bb100&#8243; gutter_size=\u00bb3&#8243; overlay_alpha=\u00bb50&#8243; shift_x=\u00bb0&#8243; shift_y=\u00bb0&#8243; z_index=\u00bb0&#8243; medium_width=\u00bb0&#8243; mobile_width=\u00bb0&#8243; css_animation=\u00bbbottom-t-top\u00bb animation_delay=\u00bb200&#8243; width=\u00bb1\/1&#8243;][vc_separator sep_color=\u00bb,Default\u00bb][\/vc_column_inner][\/vc_row_inner][vc_row_inner row_inner_height_percent=\u00bb0&#8243; overlay_alpha=\u00bb50&#8243; gutter_size=\u00bb0&#8243; shift_y=\u00bb0&#8243; limit_content=\u00bb\u00bb][vc_column_inner column_width_percent=\u00bb100&#8243; position_vertical=\u00bbmiddle\u00bb align_horizontal=\u00bbalign_center\u00bb gutter_size=\u00bb2&#8243; override_padding=\u00bbyes\u00bb column_padding=\u00bb2&#8243; font_family=\u00bbfont-165032&#8243; overlay_alpha=\u00bb50&#8243; shift_x=\u00bb0&#8243; shift_y=\u00bb0&#8243; shift_y_down=\u00bb0&#8243; z_index=\u00bb0&#8243; medium_width=\u00bb6&#8243; mobile_width=\u00bb0&#8243; css_animation=\u00bbbottom-t-top\u00bb animation_speed=\u00bb800&#8243; width=\u00bb1\/1&#8243; uncode_shortcode_id=\u00bb623929&#8243;][vc_custom_heading heading_semantic=\u00bbh3&#8243; text_font=\u00bbfont-165032&#8243; text_size=\u00bbh3&#8243; text_weight=\u00bb400&#8243; text_height=\u00bbfontheight-357766&#8243; text_space=\u00bbfontspace-781688&#8243; sub_reduced=\u00bbyes\u00bb uncode_shortcode_id=\u00bb929839&#8243;]Salm\u00f3n fresco marinado con lima, soja y miel silvestre de Manilva<\/p>\n<div id=\"USE_CHAT_GPT_AI_ROOT\" style=\"display: none; z-index: -1; position: absolute; top: -10000px; left: -10000px; width: 1px; height: 1px; overflow: hidden; opacity: 0; pointer-events: none;\">usechatgpt init success<\/div>\n<p>[\/vc_custom_heading][\/vc_column_inner][\/vc_row_inner][vc_row_inner limit_content=\u00bb\u00bb][vc_column_inner column_width_percent=\u00bb100&#8243; gutter_size=\u00bb3&#8243; overlay_alpha=\u00bb50&#8243; shift_x=\u00bb0&#8243; shift_y=\u00bb0&#8243; z_index=\u00bb0&#8243; medium_width=\u00bb0&#8243; mobile_width=\u00bb0&#8243; css_animation=\u00bbbottom-t-top\u00bb animation_delay=\u00bb200&#8243; width=\u00bb1\/1&#8243;][vc_separator sep_color=\u00bb,Default\u00bb][\/vc_column_inner][\/vc_row_inner][vc_row_inner row_inner_height_percent=\u00bb0&#8243; overlay_alpha=\u00bb50&#8243; gutter_size=\u00bb0&#8243; shift_y=\u00bb0&#8243; limit_content=\u00bb\u00bb][vc_column_inner column_width_percent=\u00bb100&#8243; position_vertical=\u00bbmiddle\u00bb align_horizontal=\u00bbalign_center\u00bb gutter_size=\u00bb2&#8243; override_padding=\u00bbyes\u00bb column_padding=\u00bb2&#8243; font_family=\u00bbfont-165032&#8243; overlay_alpha=\u00bb50&#8243; shift_x=\u00bb0&#8243; shift_y=\u00bb0&#8243; shift_y_down=\u00bb0&#8243; z_index=\u00bb0&#8243; medium_width=\u00bb6&#8243; mobile_width=\u00bb0&#8243; css_animation=\u00bbbottom-t-top\u00bb animation_speed=\u00bb800&#8243; width=\u00bb1\/1&#8243; uncode_shortcode_id=\u00bb873049&#8243;][vc_custom_heading heading_semantic=\u00bbh3&#8243; text_font=\u00bbfont-165032&#8243; text_size=\u00bbh3&#8243; text_weight=\u00bb400&#8243; text_space=\u00bbfontspace-781688&#8243; sub_reduced=\u00bbyes\u00bb uncode_shortcode_id=\u00bb607396&#8243;]Pimientos rojos rellenos de remolacha y queso ricotta[\/vc_custom_heading][\/vc_column_inner][\/vc_row_inner][\/vc_tab][vc_tab gutter_size=\u00bb1&#8243; column_padding=\u00bb2&#8243; title=\u00bbPlatos Principales\u00bb tab_id=\u00bb1678374363529-4-8&#8243;][vc_row_inner row_inner_height_percent=\u00bb0&#8243; overlay_alpha=\u00bb50&#8243; gutter_size=\u00bb0&#8243; shift_y=\u00bb0&#8243; limit_content=\u00bb\u00bb][vc_column_inner column_width_percent=\u00bb100&#8243; position_vertical=\u00bbmiddle\u00bb align_horizontal=\u00bbalign_center\u00bb gutter_size=\u00bb2&#8243; override_padding=\u00bbyes\u00bb column_padding=\u00bb2&#8243; font_family=\u00bbfont-165032&#8243; overlay_alpha=\u00bb50&#8243; shift_x=\u00bb0&#8243; shift_y=\u00bb0&#8243; shift_y_down=\u00bb0&#8243; z_index=\u00bb0&#8243; medium_width=\u00bb6&#8243; mobile_width=\u00bb0&#8243; css_animation=\u00bbbottom-t-top\u00bb animation_speed=\u00bb800&#8243; width=\u00bb1\/1&#8243; uncode_shortcode_id=\u00bb721013&#8243;][vc_custom_heading heading_semantic=\u00bbh3&#8243; text_font=\u00bbfont-165032&#8243; text_size=\u00bbh3&#8243; text_weight=\u00bb400&#8243; text_space=\u00bbfontspace-781688&#8243; sub_reduced=\u00bbyes\u00bb uncode_shortcode_id=\u00bb481595&#8243;]Filete de Dorada a la parrilla de origen local con salsa holandesa[\/vc_custom_heading][\/vc_column_inner][\/vc_row_inner][vc_row_inner limit_content=\u00bb\u00bb][vc_column_inner column_width_percent=\u00bb100&#8243; gutter_size=\u00bb3&#8243; overlay_alpha=\u00bb50&#8243; shift_x=\u00bb0&#8243; shift_y=\u00bb0&#8243; z_index=\u00bb0&#8243; medium_width=\u00bb0&#8243; mobile_width=\u00bb0&#8243; css_animation=\u00bbbottom-t-top\u00bb animation_delay=\u00bb200&#8243; width=\u00bb1\/1&#8243;][vc_separator sep_color=\u00bb,Default\u00bb][\/vc_column_inner][\/vc_row_inner][vc_row_inner row_inner_height_percent=\u00bb0&#8243; overlay_alpha=\u00bb50&#8243; gutter_size=\u00bb0&#8243; shift_y=\u00bb0&#8243; limit_content=\u00bb\u00bb][vc_column_inner column_width_percent=\u00bb100&#8243; position_vertical=\u00bbmiddle\u00bb align_horizontal=\u00bbalign_center\u00bb gutter_size=\u00bb2&#8243; override_padding=\u00bbyes\u00bb column_padding=\u00bb2&#8243; font_family=\u00bbfont-165032&#8243; overlay_alpha=\u00bb50&#8243; shift_x=\u00bb0&#8243; shift_y=\u00bb0&#8243; shift_y_down=\u00bb0&#8243; z_index=\u00bb0&#8243; medium_width=\u00bb6&#8243; mobile_width=\u00bb0&#8243; css_animation=\u00bbbottom-t-top\u00bb animation_speed=\u00bb800&#8243; width=\u00bb1\/1&#8243; uncode_shortcode_id=\u00bb813931&#8243;][vc_custom_heading heading_semantic=\u00bbh3&#8243; text_font=\u00bbfont-165032&#8243; text_size=\u00bbh3&#8243; text_weight=\u00bb400&#8243; text_height=\u00bbfontheight-357766&#8243; text_space=\u00bbfontspace-781688&#8243; sub_reduced=\u00bbyes\u00bb uncode_shortcode_id=\u00bb212252&#8243;]Paletilla de cordero cocida lentamente con ajo local y jengibre fresco[\/vc_custom_heading][\/vc_column_inner][\/vc_row_inner][vc_row_inner limit_content=\u00bb\u00bb][vc_column_inner column_width_percent=\u00bb100&#8243; gutter_size=\u00bb3&#8243; overlay_alpha=\u00bb50&#8243; shift_x=\u00bb0&#8243; shift_y=\u00bb0&#8243; z_index=\u00bb0&#8243; medium_width=\u00bb0&#8243; mobile_width=\u00bb0&#8243; css_animation=\u00bbbottom-t-top\u00bb animation_delay=\u00bb200&#8243; width=\u00bb1\/1&#8243;][vc_separator sep_color=\u00bb,Default\u00bb][\/vc_column_inner][\/vc_row_inner][vc_row_inner row_inner_height_percent=\u00bb0&#8243; overlay_alpha=\u00bb50&#8243; gutter_size=\u00bb0&#8243; shift_y=\u00bb0&#8243; limit_content=\u00bb\u00bb][vc_column_inner column_width_percent=\u00bb100&#8243; position_vertical=\u00bbmiddle\u00bb align_horizontal=\u00bbalign_center\u00bb gutter_size=\u00bb2&#8243; override_padding=\u00bbyes\u00bb column_padding=\u00bb2&#8243; font_family=\u00bbfont-165032&#8243; overlay_alpha=\u00bb50&#8243; shift_x=\u00bb0&#8243; shift_y=\u00bb0&#8243; shift_y_down=\u00bb0&#8243; z_index=\u00bb0&#8243; medium_width=\u00bb6&#8243; mobile_width=\u00bb0&#8243; css_animation=\u00bbbottom-t-top\u00bb animation_speed=\u00bb800&#8243; width=\u00bb1\/1&#8243; uncode_shortcode_id=\u00bb167156&#8243;][vc_custom_heading heading_semantic=\u00bbh3&#8243; text_font=\u00bbfont-165032&#8243; text_size=\u00bbh3&#8243; text_weight=\u00bb400&#8243; text_space=\u00bbfontspace-781688&#8243; sub_reduced=\u00bbyes\u00bb uncode_shortcode_id=\u00bb187985&#8243;]Risotto de setas silvestres con virutas de queso parmesano[\/vc_custom_heading][\/vc_column_inner][\/vc_row_inner][\/vc_tab][vc_tab gutter_size=\u00bb1&#8243; column_padding=\u00bb2&#8243; title=\u00bbGuarnici\u00f3n\u00bb tab_id=\u00bb1678374371736-4-1&#8243;][vc_row_inner row_inner_height_percent=\u00bb0&#8243; overlay_alpha=\u00bb50&#8243; gutter_size=\u00bb0&#8243; shift_y=\u00bb0&#8243; limit_content=\u00bb\u00bb][vc_column_inner column_width_percent=\u00bb100&#8243; position_vertical=\u00bbmiddle\u00bb align_horizontal=\u00bbalign_center\u00bb gutter_size=\u00bb2&#8243; override_padding=\u00bbyes\u00bb column_padding=\u00bb2&#8243; font_family=\u00bbfont-165032&#8243; overlay_alpha=\u00bb50&#8243; shift_x=\u00bb0&#8243; shift_y=\u00bb0&#8243; shift_y_down=\u00bb0&#8243; z_index=\u00bb0&#8243; medium_width=\u00bb6&#8243; mobile_width=\u00bb0&#8243; css_animation=\u00bbbottom-t-top\u00bb animation_speed=\u00bb800&#8243; width=\u00bb1\/1&#8243; uncode_shortcode_id=\u00bb127674&#8243;][vc_custom_heading heading_semantic=\u00bbh3&#8243; text_font=\u00bbfont-165032&#8243; text_size=\u00bbh3&#8243; text_weight=\u00bb400&#8243; text_space=\u00bbfontspace-781688&#8243; sub_reduced=\u00bbyes\u00bb uncode_shortcode_id=\u00bb140587&#8243;]Jud\u00edas verdes y zanahorias frescas de cultivo ecol\u00f3gico local[\/vc_custom_heading][\/vc_column_inner][\/vc_row_inner][vc_row_inner limit_content=\u00bb\u00bb][vc_column_inner column_width_percent=\u00bb100&#8243; gutter_size=\u00bb3&#8243; overlay_alpha=\u00bb50&#8243; shift_x=\u00bb0&#8243; shift_y=\u00bb0&#8243; z_index=\u00bb0&#8243; medium_width=\u00bb0&#8243; mobile_width=\u00bb0&#8243; css_animation=\u00bbbottom-t-top\u00bb animation_delay=\u00bb200&#8243; width=\u00bb1\/1&#8243;][vc_separator sep_color=\u00bb,Default\u00bb][\/vc_column_inner][\/vc_row_inner][vc_row_inner row_inner_height_percent=\u00bb0&#8243; overlay_alpha=\u00bb50&#8243; gutter_size=\u00bb0&#8243; shift_y=\u00bb0&#8243; limit_content=\u00bb\u00bb][vc_column_inner column_width_percent=\u00bb100&#8243; position_vertical=\u00bbmiddle\u00bb align_horizontal=\u00bbalign_center\u00bb gutter_size=\u00bb2&#8243; override_padding=\u00bbyes\u00bb column_padding=\u00bb2&#8243; font_family=\u00bbfont-165032&#8243; overlay_alpha=\u00bb50&#8243; shift_x=\u00bb0&#8243; shift_y=\u00bb0&#8243; shift_y_down=\u00bb0&#8243; z_index=\u00bb0&#8243; medium_width=\u00bb6&#8243; mobile_width=\u00bb0&#8243; css_animation=\u00bbbottom-t-top\u00bb animation_speed=\u00bb800&#8243; width=\u00bb1\/1&#8243; uncode_shortcode_id=\u00bb190270&#8243;][vc_custom_heading heading_semantic=\u00bbh3&#8243; text_font=\u00bbfont-165032&#8243; text_size=\u00bbh3&#8243; text_weight=\u00bb400&#8243; text_height=\u00bbfontheight-357766&#8243; text_space=\u00bbfontspace-781688&#8243; sub_reduced=\u00bbyes\u00bb uncode_shortcode_id=\u00bb663137&#8243;]Patatas andaluzas cocidas a fuego lento con cebolla, tomillo y pimientos largos verdes[\/vc_custom_heading][\/vc_column_inner][\/vc_row_inner][\/vc_tab][vc_tab gutter_size=\u00bb1&#8243; column_padding=\u00bb2&#8243; title=\u00bbPostres\u00bb tab_id=\u00bb1678374553425-4-3&#8243;][vc_row_inner row_inner_height_percent=\u00bb0&#8243; overlay_alpha=\u00bb50&#8243; gutter_size=\u00bb0&#8243; shift_y=\u00bb0&#8243; limit_content=\u00bb\u00bb][vc_column_inner column_width_percent=\u00bb100&#8243; position_vertical=\u00bbmiddle\u00bb align_horizontal=\u00bbalign_center\u00bb gutter_size=\u00bb2&#8243; override_padding=\u00bbyes\u00bb column_padding=\u00bb2&#8243; font_family=\u00bbfont-165032&#8243; overlay_alpha=\u00bb50&#8243; shift_x=\u00bb0&#8243; shift_y=\u00bb0&#8243; shift_y_down=\u00bb0&#8243; z_index=\u00bb0&#8243; medium_width=\u00bb6&#8243; mobile_width=\u00bb0&#8243; css_animation=\u00bbbottom-t-top\u00bb animation_speed=\u00bb800&#8243; width=\u00bb1\/1&#8243; uncode_shortcode_id=\u00bb863119&#8243;][vc_custom_heading heading_semantic=\u00bbh3&#8243; text_font=\u00bbfont-165032&#8243; text_size=\u00bbh3&#8243; text_weight=\u00bb400&#8243; text_space=\u00bbfontspace-781688&#8243; sub_reduced=\u00bbyes\u00bb uncode_shortcode_id=\u00bb951750&#8243;]Brownie triple de chocolate con helado de vainilla[\/vc_custom_heading][\/vc_column_inner][\/vc_row_inner][vc_row_inner limit_content=\u00bb\u00bb][vc_column_inner column_width_percent=\u00bb100&#8243; gutter_size=\u00bb3&#8243; overlay_alpha=\u00bb50&#8243; shift_x=\u00bb0&#8243; shift_y=\u00bb0&#8243; z_index=\u00bb0&#8243; medium_width=\u00bb0&#8243; mobile_width=\u00bb0&#8243; css_animation=\u00bbbottom-t-top\u00bb animation_delay=\u00bb200&#8243; width=\u00bb1\/1&#8243;][vc_separator sep_color=\u00bb,Default\u00bb][\/vc_column_inner][\/vc_row_inner][vc_row_inner row_inner_height_percent=\u00bb0&#8243; overlay_alpha=\u00bb50&#8243; gutter_size=\u00bb0&#8243; shift_y=\u00bb0&#8243; limit_content=\u00bb\u00bb][vc_column_inner column_width_percent=\u00bb100&#8243; position_vertical=\u00bbmiddle\u00bb align_horizontal=\u00bbalign_center\u00bb gutter_size=\u00bb2&#8243; override_padding=\u00bbyes\u00bb column_padding=\u00bb2&#8243; font_family=\u00bbfont-165032&#8243; overlay_alpha=\u00bb50&#8243; shift_x=\u00bb0&#8243; shift_y=\u00bb0&#8243; shift_y_down=\u00bb0&#8243; z_index=\u00bb0&#8243; medium_width=\u00bb6&#8243; mobile_width=\u00bb0&#8243; css_animation=\u00bbbottom-t-top\u00bb animation_speed=\u00bb800&#8243; width=\u00bb1\/1&#8243; uncode_shortcode_id=\u00bb176560&#8243;][vc_custom_heading heading_semantic=\u00bbh3&#8243; text_font=\u00bbfont-165032&#8243; text_size=\u00bbh3&#8243; text_weight=\u00bb400&#8243; text_height=\u00bbfontheight-357766&#8243; text_space=\u00bbfontspace-781688&#8243; sub_reduced=\u00bbyes\u00bb uncode_shortcode_id=\u00bb492776&#8243;]Crumble de manzana horneado y pl\u00e1tano con avena servido con<br \/>\ncrema doble fresca[\/vc_custom_heading][\/vc_column_inner][\/vc_row_inner][vc_row_inner limit_content=\u00bb\u00bb][vc_column_inner column_width_percent=\u00bb100&#8243; gutter_size=\u00bb3&#8243; overlay_alpha=\u00bb50&#8243; shift_x=\u00bb0&#8243; shift_y=\u00bb0&#8243; z_index=\u00bb0&#8243; medium_width=\u00bb0&#8243; mobile_width=\u00bb0&#8243; css_animation=\u00bbbottom-t-top\u00bb animation_delay=\u00bb200&#8243; width=\u00bb1\/1&#8243;][vc_separator sep_color=\u00bb,Default\u00bb][\/vc_column_inner][\/vc_row_inner][vc_row_inner row_inner_height_percent=\u00bb0&#8243; overlay_alpha=\u00bb50&#8243; gutter_size=\u00bb0&#8243; shift_y=\u00bb0&#8243; limit_content=\u00bb\u00bb][vc_column_inner column_width_percent=\u00bb100&#8243; position_vertical=\u00bbmiddle\u00bb align_horizontal=\u00bbalign_center\u00bb gutter_size=\u00bb2&#8243; override_padding=\u00bbyes\u00bb column_padding=\u00bb2&#8243; font_family=\u00bbfont-165032&#8243; overlay_alpha=\u00bb50&#8243; shift_x=\u00bb0&#8243; shift_y=\u00bb0&#8243; shift_y_down=\u00bb0&#8243; z_index=\u00bb0&#8243; medium_width=\u00bb6&#8243; mobile_width=\u00bb0&#8243; css_animation=\u00bbbottom-t-top\u00bb animation_speed=\u00bb800&#8243; width=\u00bb1\/1&#8243; uncode_shortcode_id=\u00bb191833&#8243;][vc_custom_heading heading_semantic=\u00bbh3&#8243; text_font=\u00bbfont-165032&#8243; text_size=\u00bbh3&#8243; text_weight=\u00bb400&#8243; text_height=\u00bbfontheight-357766&#8243; text_space=\u00bbfontspace-781688&#8243; sub_reduced=\u00bbyes\u00bb uncode_shortcode_id=\u00bb161150&#8243;]Una selecci\u00f3n de quesos de granja local con vino de Oporto y pan de nueces reci\u00e9n horneado[\/vc_custom_heading][\/vc_column_inner][\/vc_row_inner][\/vc_tab][vc_tab gutter_size=\u00bb1&#8243; column_padding=\u00bb2&#8243; title=\u00bbCanap\u00e9s\u00bb tab_id=\u00bb1678374291238-3-4&#8243;][vc_row_inner row_inner_height_percent=\u00bb0&#8243; overlay_alpha=\u00bb50&#8243; gutter_size=\u00bb0&#8243; shift_y=\u00bb0&#8243; limit_content=\u00bb\u00bb][vc_column_inner column_width_percent=\u00bb100&#8243; position_vertical=\u00bbmiddle\u00bb align_horizontal=\u00bbalign_center\u00bb gutter_size=\u00bb2&#8243; override_padding=\u00bbyes\u00bb column_padding=\u00bb2&#8243; font_family=\u00bbfont-165032&#8243; overlay_alpha=\u00bb50&#8243; shift_x=\u00bb0&#8243; shift_y=\u00bb0&#8243; shift_y_down=\u00bb0&#8243; z_index=\u00bb0&#8243; medium_width=\u00bb6&#8243; mobile_width=\u00bb0&#8243; css_animation=\u00bbbottom-t-top\u00bb animation_speed=\u00bb800&#8243; width=\u00bb1\/1&#8243; uncode_shortcode_id=\u00bb208020&#8243;][vc_custom_heading heading_semantic=\u00bbh3&#8243; text_font=\u00bbfont-165032&#8243; text_size=\u00bbh3&#8243; text_weight=\u00bb400&#8243; text_space=\u00bbfontspace-781688&#8243; sub_reduced=\u00bbyes\u00bb uncode_shortcode_id=\u00bb181950&#8243;]Elige cualquiera de los 5 canap\u00e9s caseros de nuestro men\u00fa de canap\u00e9s.<\/p>\n<div id=\"USE_CHAT_GPT_AI_ROOT\" style=\"display: none; z-index: -1; position: absolute; top: -10000px; left: -10000px; width: 1px; height: 1px; overflow: hidden; opacity: 0; pointer-events: none;\">usechatgpt init success<\/div>\n<p>[\/vc_custom_heading][\/vc_column_inner][\/vc_row_inner][\/vc_tab][\/vc_tabs][vc_custom_heading text_font=\u00bbfont-339240&#8243; text_weight=\u00bb400&#8243; text_space=\u00bbfontspace-781688&#8243; sub_lead=\u00bbyes\u00bb sub_reduced=\u00bbyes\u00bb uncode_shortcode_id=\u00bb850075&#8243;]70,00 \u20ac por persona[\/vc_custom_heading][\/vc_column][\/vc_row][vc_row][vc_column][vc_column_text]<\/p>\n<div id=\"USE_CHAT_GPT_AI_ROOT\" style=\"display: none; z-index: -1; position: absolute; top: -10000px; left: -10000px; width: 1px; height: 1px; overflow: hidden; opacity: 0; pointer-events: none;\">usechatgpt init success<\/div>\n<p>[\/vc_column_text][\/vc_column][\/vc_row]<\/p>\n<\/div>","protected":false},"excerpt":{"rendered":"<p>[vc_row row_height_percent=\u00bb100&#8243; override_padding=\u00bbyes\u00bb h_padding=\u00bb2&#8243; top_padding=\u00bb5&#8243; bottom_padding=\u00bb5&#8243; back_color=\u00bbcolor-nhtu\u00bb back_image=\u00bb119043&#8243; kburns=\u00bbyes\u00bb overlay_color=\u00bbcolor-nhtu\u00bb overlay_alpha=\u00bb36&#8243; gutter_size=\u00bb3&#8243; column_width_percent=\u00bb100&#8243; shift_y=\u00bb0&#8243; z_index=\u00bb0&#8243; uncode_shortcode_id=\u00bb138271&#8243; back_color_type=\u00bbuncode-palette\u00bb overlay_color_type=\u00bbuncode-palette\u00bb][vc_column column_width_use_pixel=\u00bbyes\u00bb position_vertical=\u00bbmiddle\u00bb [&hellip;]<\/p>\n","protected":false},"author":1,"featured_media":119173,"parent":0,"menu_order":0,"comment_status":"closed","ping_status":"closed","template":"","meta":{"_monsterinsights_skip_tracking":false,"_monsterinsights_sitenote_active":false,"_monsterinsights_sitenote_note":"","_monsterinsights_sitenote_category":0,"footnotes":""},"class_list":["post-119211","page","type-page","status-publish","has-post-thumbnail","hentry","page_category-classic-es"],"yoast_head":"<!-- This site is optimized with the Yoast SEO plugin v27.0 - https:\/\/yoast.com\/product\/yoast-seo-wordpress\/ -->\n<title>Catering para Bodas en Marbella - Purple Pepper<\/title>\n<meta name=\"description\" content=\"Veteranos en proporcionar servicios de Catering para Bodas en Marbella. Cientos de parejas han confiado en nosotros para su d\u00eda m\u00e1s especial.\" \/>\n<meta name=\"robots\" content=\"index, follow, max-snippet:-1, max-image-preview:large, max-video-preview:-1\" \/>\n<link rel=\"canonical\" href=\"https:\/\/www.purplepeppercatering.com\/es\/catering-bodas-marbella\/\" \/>\n<meta property=\"og:locale\" content=\"es_ES\" \/>\n<meta property=\"og:type\" content=\"article\" \/>\n<meta property=\"og:title\" content=\"Catering para Bodas en Marbella - Purple Pepper\" \/>\n<meta property=\"og:description\" content=\"Veteranos en proporcionar servicios de Catering para Bodas en Marbella. Cientos de parejas han confiado en nosotros para su d\u00eda m\u00e1s especial.\" \/>\n<meta property=\"og:url\" content=\"https:\/\/www.purplepeppercatering.com\/es\/catering-bodas-marbella\/\" \/>\n<meta property=\"og:site_name\" content=\"Purple Pepper\" \/>\n<meta property=\"article:publisher\" content=\"https:\/\/www.facebook.com\/profile.php?id=100063770700802\" \/>\n<meta property=\"article:modified_time\" content=\"2024-05-28T07:03:53+00:00\" \/>\n<meta property=\"og:image\" content=\"https:\/\/www.purplepeppercatering.com\/wp-content\/uploads\/2023\/02\/wedding-catering-marbella-1-6-1024x683.jpg\" \/>\n\t<meta property=\"og:image:width\" content=\"1024\" \/>\n\t<meta property=\"og:image:height\" content=\"683\" \/>\n\t<meta property=\"og:image:type\" content=\"image\/jpeg\" \/>\n<meta name=\"twitter:card\" content=\"summary_large_image\" \/>\n<meta name=\"twitter:label1\" content=\"Tiempo de lectura\" \/>\n\t<meta name=\"twitter:data1\" content=\"6 minutos\" \/>\n<script type=\"application\/ld+json\" class=\"yoast-schema-graph\">{\"@context\":\"https:\/\/schema.org\",\"@graph\":[{\"@type\":\"WebPage\",\"@id\":\"https:\/\/www.purplepeppercatering.com\/es\/catering-bodas-marbella\/\",\"url\":\"https:\/\/www.purplepeppercatering.com\/es\/catering-bodas-marbella\/\",\"name\":\"Catering para Bodas en Marbella - Purple Pepper\",\"isPartOf\":{\"@id\":\"https:\/\/www.purplepeppercatering.com\/es\/#website\"},\"primaryImageOfPage\":{\"@id\":\"https:\/\/www.purplepeppercatering.com\/es\/catering-bodas-marbella\/#primaryimage\"},\"image\":{\"@id\":\"https:\/\/www.purplepeppercatering.com\/es\/catering-bodas-marbella\/#primaryimage\"},\"thumbnailUrl\":\"https:\/\/www.purplepeppercatering.com\/wp-content\/uploads\/2023\/02\/wedding-catering-marbella-1-6.jpg\",\"datePublished\":\"2023-02-20T17:55:10+00:00\",\"dateModified\":\"2024-05-28T07:03:53+00:00\",\"description\":\"Veteranos en proporcionar servicios de Catering para Bodas en Marbella. Cientos de parejas han confiado en nosotros para su d\u00eda m\u00e1s especial.\",\"breadcrumb\":{\"@id\":\"https:\/\/www.purplepeppercatering.com\/es\/catering-bodas-marbella\/#breadcrumb\"},\"inLanguage\":\"es\",\"potentialAction\":[{\"@type\":\"ReadAction\",\"target\":[\"https:\/\/www.purplepeppercatering.com\/es\/catering-bodas-marbella\/\"]}]},{\"@type\":\"ImageObject\",\"inLanguage\":\"es\",\"@id\":\"https:\/\/www.purplepeppercatering.com\/es\/catering-bodas-marbella\/#primaryimage\",\"url\":\"https:\/\/www.purplepeppercatering.com\/wp-content\/uploads\/2023\/02\/wedding-catering-marbella-1-6.jpg\",\"contentUrl\":\"https:\/\/www.purplepeppercatering.com\/wp-content\/uploads\/2023\/02\/wedding-catering-marbella-1-6.jpg\",\"width\":1800,\"height\":1200},{\"@type\":\"BreadcrumbList\",\"@id\":\"https:\/\/www.purplepeppercatering.com\/es\/catering-bodas-marbella\/#breadcrumb\",\"itemListElement\":[{\"@type\":\"ListItem\",\"position\":1,\"name\":\"Home\",\"item\":\"https:\/\/www.purplepeppercatering.com\/es\/\"},{\"@type\":\"ListItem\",\"position\":2,\"name\":\"Catering para Bodas en Marbella\"}]},{\"@type\":\"WebSite\",\"@id\":\"https:\/\/www.purplepeppercatering.com\/es\/#website\",\"url\":\"https:\/\/www.purplepeppercatering.com\/es\/\",\"name\":\"Purple Pepper Catering\",\"description\":\"Marbella Catering\",\"publisher\":{\"@id\":\"https:\/\/www.purplepeppercatering.com\/es\/#organization\"},\"potentialAction\":[{\"@type\":\"SearchAction\",\"target\":{\"@type\":\"EntryPoint\",\"urlTemplate\":\"https:\/\/www.purplepeppercatering.com\/es\/?s={search_term_string}\"},\"query-input\":{\"@type\":\"PropertyValueSpecification\",\"valueRequired\":true,\"valueName\":\"search_term_string\"}}],\"inLanguage\":\"es\"},{\"@type\":\"Organization\",\"@id\":\"https:\/\/www.purplepeppercatering.com\/es\/#organization\",\"name\":\"Purple Pepper Catering\",\"url\":\"https:\/\/www.purplepeppercatering.com\/es\/\",\"logo\":{\"@type\":\"ImageObject\",\"inLanguage\":\"es\",\"@id\":\"https:\/\/www.purplepeppercatering.com\/es\/#\/schema\/logo\/image\/\",\"url\":\"https:\/\/www.purplepeppercatering.com\/wp-content\/uploads\/2023\/02\/purple-pepper-solid-black-logo.svg\",\"contentUrl\":\"https:\/\/www.purplepeppercatering.com\/wp-content\/uploads\/2023\/02\/purple-pepper-solid-black-logo.svg\",\"width\":1010,\"height\":295,\"caption\":\"Purple Pepper Catering\"},\"image\":{\"@id\":\"https:\/\/www.purplepeppercatering.com\/es\/#\/schema\/logo\/image\/\"},\"sameAs\":[\"https:\/\/www.facebook.com\/profile.php?id=100063770700802\",\"https:\/\/www.instagram.com\/purplepeppercatering7\/\"]}]}<\/script>\n<!-- \/ Yoast SEO plugin. -->","yoast_head_json":{"title":"Catering para Bodas en Marbella - Purple Pepper","description":"Veteranos en proporcionar servicios de Catering para Bodas en Marbella. Cientos de parejas han confiado en nosotros para su d\u00eda m\u00e1s especial.","robots":{"index":"index","follow":"follow","max-snippet":"max-snippet:-1","max-image-preview":"max-image-preview:large","max-video-preview":"max-video-preview:-1"},"canonical":"https:\/\/www.purplepeppercatering.com\/es\/catering-bodas-marbella\/","og_locale":"es_ES","og_type":"article","og_title":"Catering para Bodas en Marbella - Purple Pepper","og_description":"Veteranos en proporcionar servicios de Catering para Bodas en Marbella. Cientos de parejas han confiado en nosotros para su d\u00eda m\u00e1s especial.","og_url":"https:\/\/www.purplepeppercatering.com\/es\/catering-bodas-marbella\/","og_site_name":"Purple Pepper","article_publisher":"https:\/\/www.facebook.com\/profile.php?id=100063770700802","article_modified_time":"2024-05-28T07:03:53+00:00","og_image":[{"width":1024,"height":683,"url":"https:\/\/www.purplepeppercatering.com\/wp-content\/uploads\/2023\/02\/wedding-catering-marbella-1-6-1024x683.jpg","type":"image\/jpeg"}],"twitter_card":"summary_large_image","twitter_misc":{"Tiempo de lectura":"6 minutos"},"schema":{"@context":"https:\/\/schema.org","@graph":[{"@type":"WebPage","@id":"https:\/\/www.purplepeppercatering.com\/es\/catering-bodas-marbella\/","url":"https:\/\/www.purplepeppercatering.com\/es\/catering-bodas-marbella\/","name":"Catering para Bodas en Marbella - Purple Pepper","isPartOf":{"@id":"https:\/\/www.purplepeppercatering.com\/es\/#website"},"primaryImageOfPage":{"@id":"https:\/\/www.purplepeppercatering.com\/es\/catering-bodas-marbella\/#primaryimage"},"image":{"@id":"https:\/\/www.purplepeppercatering.com\/es\/catering-bodas-marbella\/#primaryimage"},"thumbnailUrl":"https:\/\/www.purplepeppercatering.com\/wp-content\/uploads\/2023\/02\/wedding-catering-marbella-1-6.jpg","datePublished":"2023-02-20T17:55:10+00:00","dateModified":"2024-05-28T07:03:53+00:00","description":"Veteranos en proporcionar servicios de Catering para Bodas en Marbella. Cientos de parejas han confiado en nosotros para su d\u00eda m\u00e1s especial.","breadcrumb":{"@id":"https:\/\/www.purplepeppercatering.com\/es\/catering-bodas-marbella\/#breadcrumb"},"inLanguage":"es","potentialAction":[{"@type":"ReadAction","target":["https:\/\/www.purplepeppercatering.com\/es\/catering-bodas-marbella\/"]}]},{"@type":"ImageObject","inLanguage":"es","@id":"https:\/\/www.purplepeppercatering.com\/es\/catering-bodas-marbella\/#primaryimage","url":"https:\/\/www.purplepeppercatering.com\/wp-content\/uploads\/2023\/02\/wedding-catering-marbella-1-6.jpg","contentUrl":"https:\/\/www.purplepeppercatering.com\/wp-content\/uploads\/2023\/02\/wedding-catering-marbella-1-6.jpg","width":1800,"height":1200},{"@type":"BreadcrumbList","@id":"https:\/\/www.purplepeppercatering.com\/es\/catering-bodas-marbella\/#breadcrumb","itemListElement":[{"@type":"ListItem","position":1,"name":"Home","item":"https:\/\/www.purplepeppercatering.com\/es\/"},{"@type":"ListItem","position":2,"name":"Catering para Bodas en Marbella"}]},{"@type":"WebSite","@id":"https:\/\/www.purplepeppercatering.com\/es\/#website","url":"https:\/\/www.purplepeppercatering.com\/es\/","name":"Purple Pepper Catering","description":"Marbella Catering","publisher":{"@id":"https:\/\/www.purplepeppercatering.com\/es\/#organization"},"potentialAction":[{"@type":"SearchAction","target":{"@type":"EntryPoint","urlTemplate":"https:\/\/www.purplepeppercatering.com\/es\/?s={search_term_string}"},"query-input":{"@type":"PropertyValueSpecification","valueRequired":true,"valueName":"search_term_string"}}],"inLanguage":"es"},{"@type":"Organization","@id":"https:\/\/www.purplepeppercatering.com\/es\/#organization","name":"Purple Pepper Catering","url":"https:\/\/www.purplepeppercatering.com\/es\/","logo":{"@type":"ImageObject","inLanguage":"es","@id":"https:\/\/www.purplepeppercatering.com\/es\/#\/schema\/logo\/image\/","url":"https:\/\/www.purplepeppercatering.com\/wp-content\/uploads\/2023\/02\/purple-pepper-solid-black-logo.svg","contentUrl":"https:\/\/www.purplepeppercatering.com\/wp-content\/uploads\/2023\/02\/purple-pepper-solid-black-logo.svg","width":1010,"height":295,"caption":"Purple Pepper Catering"},"image":{"@id":"https:\/\/www.purplepeppercatering.com\/es\/#\/schema\/logo\/image\/"},"sameAs":["https:\/\/www.facebook.com\/profile.php?id=100063770700802","https:\/\/www.instagram.com\/purplepeppercatering7\/"]}]}},"_links":{"self":[{"href":"https:\/\/www.purplepeppercatering.com\/es\/wp-json\/wp\/v2\/pages\/119211","targetHints":{"allow":["GET"]}}],"collection":[{"href":"https:\/\/www.purplepeppercatering.com\/es\/wp-json\/wp\/v2\/pages"}],"about":[{"href":"https:\/\/www.purplepeppercatering.com\/es\/wp-json\/wp\/v2\/types\/page"}],"author":[{"embeddable":true,"href":"https:\/\/www.purplepeppercatering.com\/es\/wp-json\/wp\/v2\/users\/1"}],"replies":[{"embeddable":true,"href":"https:\/\/www.purplepeppercatering.com\/es\/wp-json\/wp\/v2\/comments?post=119211"}],"version-history":[{"count":19,"href":"https:\/\/www.purplepeppercatering.com\/es\/wp-json\/wp\/v2\/pages\/119211\/revisions"}],"predecessor-version":[{"id":119897,"href":"https:\/\/www.purplepeppercatering.com\/es\/wp-json\/wp\/v2\/pages\/119211\/revisions\/119897"}],"wp:featuredmedia":[{"embeddable":true,"href":"https:\/\/www.purplepeppercatering.com\/es\/wp-json\/wp\/v2\/media\/119173"}],"wp:attachment":[{"href":"https:\/\/www.purplepeppercatering.com\/es\/wp-json\/wp\/v2\/media?parent=119211"}],"curies":[{"name":"wp","href":"https:\/\/api.w.org\/{rel}","templated":true}]}}